{"id":3,"date":"2022-03-03T16:25:23","date_gmt":"2022-03-03T16:25:23","guid":{"rendered":"https:\/\/www.spaincer.com\/fr\/?page_id=3"},"modified":"2022-03-29T13:47:05","modified_gmt":"2022-03-29T13:47:05","slug":"politique-de-confidentialite","status":"publish","type":"page","link":"https:\/\/www.spaincer.com\/fr\/politique-de-confidentialite\/","title":{"rendered":"Politique de confidentialit\u00e9"},"content":{"rendered":"<p>[vc_row][vc_column][vc_column_text]<\/p>\n<div>\n<div>[\/vc_column_text][\/vc_column][\/vc_row][vc_row][vc_column width=\u00a0\u00bb1\/1&Prime;][vc_custom_heading uncode_shortcode_id=\u00a0\u00bb536884&Prime;]INFORMATIONS SUR LA PROTECTION DES DONN\u00c9ES[\/vc_custom_heading][\/vc_column][\/vc_row][vc_row][vc_column width=\u00a0\u00bb1\/1&Prime;][vc_accordion active_tab=\u00a0\u00bb1&Prime;][vc_accordion_tab gutter_size=\u00a0\u00bb2&Prime; column_padding=\u00a0\u00bb2&Prime; title=\u00a0\u00bbDonn\u00e9es relatives \u00e0 la personne responsable\u00a0\u00bb tab_id=\u00a0\u00bb1590394928-1-67fc9c-0140&Prime;][vc_custom_heading heading_semantic=\u00a0\u00bbh3&Prime; text_size=\u00a0\u00bbh4&Prime; sub_reduced=\u00a0\u00bbyes\u00a0\u00bb subheading=\u00a0\u00bbEmpresa: SPAINCER COMERCIALIZADORA, SL. \u2013 B12526901<br \/>\nAdresse : SPAINCER COMERCIALIZADORA, SL.<br \/>\nContact : spaincer.com &#8211; +34 964 32 92 61&Prime; uncode_shortcode_id=\u00a0\u00bb908987&Prime; text_color_type=\u00a0\u00bbuncode-palette\u00a0\u00bb text_color_solid=\u00a0\u00bb#ff0000&Prime;]Responsable du traitement[\/vc_custom_heading][\/vc_accordion_tab][vc_accordion_tab gutter_size=\u00a0\u00bb2&Prime; column_padding=\u00a0\u00bb2&Prime; title=\u00a0\u00bbObjectifs\u00a0\u00bb tab_id=\u00a0\u00bb1590394928-2-97fc9c-0140&Prime;][vc_custom_heading heading_semantic=\u00a0\u00bbh3&Prime; text_size=\u00a0\u00bbh4&Prime; subheading=\u00a0\u00bbConform\u00e9ment aux dispositions du R\u00e8glement g\u00e9n\u00e9ral europ\u00e9en sur la protection des donn\u00e9es 2016\/679, nous vous informons que, selon la relation que vous entretenez avec nous, \u00e0 SPAINCER COMERCIALIZADORA, SL, nous traitons les donn\u00e9es que vous nous fournissez pour certaines ou toutes les finalit\u00e9s suivantes :\u00a0\u00bb uncode_shortcode_id=\u00a0\u00bb186015&Prime;][\/vc_custom_heading][vc_row_inner][vc_column_inner column_width_percent=\u00a0\u00bb90&Prime; gutter_size=\u00a0\u00bb3&Prime; overlay_alpha=\u00a0\u00bb50&Prime; shift_x=\u00a0\u00bb0&Prime; shift_y=\u00a0\u00bb0&Prime; shift_y_down=\u00a0\u00bb0&Prime; z_index=\u00a0\u00bb0&Prime; medium_width=\u00a0\u00bb0&Prime; mobile_width=\u00a0\u00bb0&Prime; width=\u00a0\u00bb1\/1&Prime;][vc_column_text uncode_shortcode_id=\u00a0\u00bb920564&Prime;]Perception des taxes pertinentes<br \/>\nAchat\/vente de biens et de services.<br \/>\nAchat\/vente de mat\u00e9riel<br \/>\nCr\u00e9ation de contrats, paie et autres t\u00e2ches connexes.<br \/>\nEnvoi d&rsquo;informations commerciales sur l&rsquo;entit\u00e9 par courrier postal, courrier \u00e9lectronique ou autres moyens.<br \/>\nInformations commerciales par le biais d&rsquo;e-mails de la plateforme MailChimp, sans que la partie responsable ne soit en mesure d&rsquo;assurer les mesures de s\u00e9curit\u00e9 correctes et le traitement de la plateforme elle-m\u00eame conform\u00e9ment au RGPD.<br \/>\nInformations provenant des cookies.<br \/>\nLe maintien de la relation de travail et la consid\u00e9ration du travail effectu\u00e9.<br \/>\nFournir un service.<br \/>\nPaiement par le biais du POS.<br \/>\nEffectuer des achats dans la boutique virtuelle du site\/plateforme.<br \/>\nPasser des commandes.<br \/>\nUtilisation des donn\u00e9es issues des activit\u00e9s de l&rsquo;entreprise.<\/p>\n<div><\/div>\n<p>[\/vc_column_text][\/vc_column_inner][\/vc_row_inner][\/vc_accordion_tab][vc_accordion_tab gutter_size=\u00a0\u00bb2&Prime; column_padding=\u00a0\u00bb2&Prime; title=\u00a0\u00bbP\u00e9riode de conservation des donn\u00e9es\u00a0\u00bb tab_id=\u00a0\u00bb1590396078023-2-1fc9c-0140&Prime;][vc_custom_heading heading_semantic=\u00a0\u00bbh3&Prime; text_size=\u00a0\u00bbh4&Prime; sub_reduced=\u00a0\u00bbyes\u00a0\u00bb subheading=\u00a0\u00bbVos donn\u00e9es seront conserv\u00e9es pendant la dur\u00e9e de la relation contractuelle, commerciale ou autre avec notre soci\u00e9t\u00e9, demandez leur suppression, ainsi que pendant le temps n\u00e9cessaire pour respecter les obligations l\u00e9gales.<\/p>\n<p>Vous garantissez l&rsquo;authenticit\u00e9 et l&rsquo;actualit\u00e9 de toutes les donn\u00e9es que vous fournissez \u00e0 SPAINCER COMERCIALIZADORA, SL. et vous serez seul responsable de toute d\u00e9claration fausse ou inexacte que vous ferez.<\/p>\n<p>Vous vous engagez express\u00e9ment \u00e0 faire un usage appropri\u00e9 des contenus et services de SPAINCER COMERCIALIZADORA, SL. et \u00e0 ne pas les utiliser pour, entre autres :\u00a0\u00bb uncode_shortcode_id=\u00a0\u00bb199852&Prime; text_color_type=\u00a0\u00bbuncode-palette\u00a0\u00bb text_color_solid=\u00a0\u00bb#ff0000&Prime;][\/vc_custom_heading][\/vc_accordion_tab][vc_accordion_tab gutter_size=\u00a0\u00bb2&Prime; column_padding=\u00a0\u00bb2&Prime; title=\u00a0\u00bbL\u00e9gitimation\u00a0\u00bb tab_id=\u00a0\u00bb1590396273114-3-0fc9c-0140&Prime;][vc_custom_heading heading_semantic=\u00a0\u00bbh3&Prime; text_size=\u00a0\u00bbh4&Prime; sub_reduced=\u00a0\u00bbyes\u00a0\u00bb subheading=\u00a0\u00bbLa base juridique du traitement de vos donn\u00e9es r\u00e9side dans :\u00a0\u00bb uncode_shortcode_id=\u00a0\u00bb139720&Prime;][\/vc_custom_heading][vc_row_inner][vc_column_inner column_width_percent=\u00a0\u00bb90&Prime; gutter_size=\u00a0\u00bb3&Prime; overlay_alpha=\u00a0\u00bb50&Prime; shift_x=\u00a0\u00bb0&Prime; shift_y=\u00a0\u00bb0&Prime; shift_y_down=\u00a0\u00bb0&Prime; z_index=\u00a0\u00bb0&Prime; medium_width=\u00a0\u00bb0&Prime; mobile_width=\u00a0\u00bb0&Prime; width=\u00a0\u00bb1\/1&Prime;][vc_column_text uncode_shortcode_id=\u00a0\u00bb662879&Prime;]<\/p>\n<p>Un consentement sans \u00e9quivoque.<br \/>\nEx\u00e9cution d&rsquo;un contrat.<br \/>\nDans l&rsquo;int\u00e9r\u00eat du public.<\/p>\n<div><\/div>\n<p>[\/vc_column_text][\/vc_column_inner][\/vc_row_inner][\/vc_accordion_tab][vc_accordion_tab gutter_size=\u00a0\u00bb2&Prime; column_padding=\u00a0\u00bb2&Prime; title=\u00a0\u00bbAdresses\u00a0\u00bb tab_id=\u00a0\u00bb1590397178540-4-4fc9c-0140&Prime;][vc_custom_heading heading_semantic=\u00a0\u00bbh3&Prime; text_size=\u00a0\u00bbh4&Prime; sub_reduced=\u00a0\u00bbyes\u00a0\u00bb subheading=\u00a0\u00bbVos donn\u00e9es personnelles seront divulgu\u00e9es \u00e0 des tiers dans les cas suivants :\u00a0\u00bb uncode_shortcode_id=\u00a0\u00bb600062&Prime;][\/vc_custom_heading][vc_row_inner][vc_column_inner column_width_percent=\u00a0\u00bb90&Prime; gutter_size=\u00a0\u00bb3&Prime; overlay_alpha=\u00a0\u00bb50&Prime; shift_x=\u00a0\u00bb0&Prime; shift_y=\u00a0\u00bb0&Prime; shift_y_down=\u00a0\u00bb0&Prime; z_index=\u00a0\u00bb0&Prime; medium_width=\u00a0\u00bb0&Prime; mobile_width=\u00a0\u00bb0&Prime; width=\u00a0\u00bb1\/1&Prime;][vc_column_text uncode_shortcode_id=\u00a0\u00bb193124&Prime;]<\/p>\n<p>Entit\u00e9s de conseil\/audit.<br \/>\nGestion\/conseil.<br \/>\nService de pr\u00e9vention des risques professionnels.<br \/>\nDes tiers.<\/p>\n<div><\/div>\n<p>[\/vc_column_text][\/vc_column_inner][\/vc_row_inner][\/vc_accordion_tab][vc_accordion_tab gutter_size=\u00a0\u00bb2&Prime; column_padding=\u00a0\u00bb2&Prime; title=\u00a0\u00bbDroits\u00a0\u00bb tab_id=\u00a0\u00bb1590397264119-5-10fc9c-0140&Prime;][vc_custom_heading heading_semantic=\u00a0\u00bbh3&Prime; text_size=\u00a0\u00bbh4&Prime; sub_reduced=\u00a0\u00bbyes\u00a0\u00bb subheading=\u00a0\u00bbVous avez le droit d&rsquo;obtenir la confirmation que SPAINCER COMERCIALIZADORA, SL. traite ou non des donn\u00e9es personnelles vous concernant.<\/p>\n<p>De m\u00eame, vous avez le droit d&rsquo;acc\u00e9der \u00e0 vos donn\u00e9es personnelles, ainsi que de demander la rectification des donn\u00e9es inexactes ou, le cas \u00e9ch\u00e9ant, de demander leur suppression lorsque, entre autres raisons, les donn\u00e9es ne sont plus n\u00e9cessaires aux fins pour lesquelles elles ont \u00e9t\u00e9 collect\u00e9es.<\/p>\n<p>Dans certaines circonstances, vous pouvez demander la limitation du traitement de vos donn\u00e9es, auquel cas nous ne les conserverons que pour l&rsquo;exercice ou la d\u00e9fense de revendications.<\/p>\n<p>En outre, dans certaines circonstances et pour des raisons li\u00e9es \u00e0 votre situation particuli\u00e8re, vous pouvez exercer votre droit d&rsquo;opposition au traitement de vos donn\u00e9es. SPAINCER COMERCIALIZADORA, SL. cessera de traiter les donn\u00e9es, sauf pour des raisons l\u00e9gitimes imp\u00e9ratives, ou l&rsquo;exercice ou la d\u00e9fense d&rsquo;\u00e9ventuelles r\u00e9clamations.<\/p>\n<p>De m\u00eame, vous pouvez exercer le droit \u00e0 la portabilit\u00e9 des donn\u00e9es, ainsi que retirer les consentements fournis \u00e0 tout moment, sans que cela n&rsquo;affecte la lic\u00e9it\u00e9 du traitement fond\u00e9 sur le consentement ant\u00e9rieur \u00e0 son retrait.<\/p>\n<p>Si vous souhaitez exercer l&rsquo;un des droits d\u00e9crits ci-dessous, vous pouvez le faire en \u00e9crivant \u00e0 spaincer.com.\u00a0\u00bb uncode_shortcode_id=\u00a0\u00bb105548&Prime; text_color_type=\u00a0\u00bbuncode-palette\u00a0\u00bb text_color_solid=\u00a0\u00bb#ff0000&Prime;][\/vc_custom_heading][vc_row_inner][vc_column_inner column_width_percent=\u00a0\u00bb90&Prime; gutter_size=\u00a0\u00bb3&Prime; overlay_alpha=\u00a0\u00bb50&Prime; shift_x=\u00a0\u00bb0&Prime; shift_y=\u00a0\u00bb0&Prime; shift_y_down=\u00a0\u00bb0&Prime; z_index=\u00a0\u00bb0&Prime; medium_width=\u00a0\u00bb0&Prime; mobile_width=\u00a0\u00bb0&Prime; width=\u00a0\u00bb1\/1&Prime;][vc_column_text uncode_shortcode_id=\u00a0\u00bb190698&Prime;]<\/p>\n<p>Pour exercer votre droit d&rsquo;acc\u00e8s.<br \/>\nPour exercer votre droit de rectification.<br \/>\nPour exercer votre droit d&rsquo;effacement (oubli).<br \/>\nPour exercer votre droit de limiter le traitement de vos donn\u00e9es.<br \/>\nPour exercer votre droit d&rsquo;opposition.<br \/>\nPour exercer votre droit \u00e0 la portabilit\u00e9.<\/p>\n<div><\/div>\n<p>[\/vc_column_text][\/vc_column_inner][\/vc_row_inner][vc_custom_heading heading_semantic=\u00a0\u00bbh3&Prime; text_size=\u00a0\u00bbh4&Prime; sub_reduced=\u00a0\u00bbyes\u00a0\u00bb subheading=\u00a0\u00bbVous pouvez \u00e9galement nous contacter par courrier \u00e0 l&rsquo;adresse suivante : DOMICILIO en joignant une photocopie de votre carte d&rsquo;identit\u00e9, pour vous assurer de votre identit\u00e9. N&rsquo;oubliez pas de fournir le plus d&rsquo;informations possible sur votre demande : nom et pr\u00e9nom, adresse \u00e9lectronique que vous utilisez pour le compte ou le portail qui fait l&rsquo;objet de votre demande.<\/p>\n<p>Enfin, nous vous informons que vous pouvez vous adresser \u00e0 l&rsquo;Agence espagnole de protection des donn\u00e9es et aux autres organismes publics comp\u00e9tents pour toute r\u00e9clamation d\u00e9coulant du traitement de vos donn\u00e9es personnelles.\u00a0\u00bb uncode_shortcode_id=\u00a0\u00bb765456&Prime; text_color_type=\u00a0\u00bbuncode-palette\u00a0\u00bb text_color_solid=\u00a0\u00bb#ff0000&Prime;][\/vc_custom_heading][\/vc_accordion_tab][vc_accordion_tab gutter_size=\u00a0\u00bb2&Prime; column_padding=\u00a0\u00bb2&Prime; title=\u00a0\u00bbPolitique en mati\u00e8re de cookies\u00a0\u00bb tab_id=\u00a0\u00bb1590473273054-6-10&Prime;][vc_custom_heading heading_semantic=\u00a0\u00bbh3&Prime; text_size=\u00a0\u00bbh4&Prime; sub_reduced=\u00a0\u00bbyes\u00a0\u00bb subheading=\u00a0\u00bbPour conna\u00eetre les cookies que nous utilisons sur notre site web, n&rsquo;oubliez pas que vous pouvez acc\u00e9der \u00e0 notre politique de cookies en cliquant sur le lien suivant politique de cookies.\u00a0\u00bb uncode_shortcode_id=\u00a0\u00bb729293&Prime;][\/vc_custom_heading][\/vc_accordion_tab][\/vc_accordion][\/vc_column][\/vc_row][vc_row][vc_column][vc_column_text]<\/p>\n<\/div>\n<p>&nbsp;<\/p>\n<div>\n<p>[\/vc_column_text][\/vc_column][\/vc_row]<\/p>\n<\/div>\n<\/div>\n","protected":false},"excerpt":{"rendered":"<p>[vc_row][vc_column][vc_column_text] [\/vc_column_text][\/vc_column][\/vc_row][vc_row][vc_column width=\u00a0\u00bb1\/1&Prime;][vc_custom_heading uncode_shortcode_id=\u00a0\u00bb536884&Prime;]INFORMATIONS SUR LA PROTECTION DES DONN\u00c9ES[\/vc_custom_heading][\/vc_column][\/vc_row][vc_row][vc_column width=\u00a0\u00bb1\/1&Prime;][vc_accordion active_tab=\u00a0\u00bb1&Prime;][vc_accordion_tab gutter_size=\u00a0\u00bb2&Prime; column_padding=\u00a0\u00bb2&Prime; title=\u00a0\u00bbDonn\u00e9es relatives \u00e0 la personne responsable\u00a0\u00bb tab_id=\u00a0\u00bb1590394928-1-67fc9c-0140&Prime;][vc_custom_heading [&hellip;]<\/p>\n","protected":false},"author":1,"featured_media":0,"parent":0,"menu_order":0,"comment_status":"closed","ping_status":"closed","template":"","meta":[],"_links":{"self":[{"href":"https:\/\/www.spaincer.com\/fr\/wp-json\/wp\/v2\/pages\/3"}],"collection":[{"href":"https:\/\/www.spaincer.com\/fr\/wp-json\/wp\/v2\/pages"}],"about":[{"href":"https:\/\/www.spaincer.com\/fr\/wp-json\/wp\/v2\/types\/page"}],"author":[{"embeddable":true,"href":"https:\/\/www.spaincer.com\/fr\/wp-json\/wp\/v2\/users\/1"}],"replies":[{"embeddable":true,"href":"https:\/\/www.spaincer.com\/fr\/wp-json\/wp\/v2\/comments?post=3"}],"version-history":[{"count":0,"href":"https:\/\/www.spaincer.com\/fr\/wp-json\/wp\/v2\/pages\/3\/revisions"}],"wp:attachment":[{"href":"https:\/\/www.spaincer.com\/fr\/wp-json\/wp\/v2\/media?parent=3"}],"curies":[{"name":"wp","href":"https:\/\/api.w.org\/{rel}","templated":true}]}}